{"id":1247,"date":"2026-02-02T22:14:27","date_gmt":"2026-02-02T22:14:27","guid":{"rendered":"https:\/\/project.tnkoffee.com\/ecolesriad2\/?page_id=1247"},"modified":"2026-03-26T17:39:09","modified_gmt":"2026-03-26T17:39:09","slug":"mot-de-la-direction","status":"publish","type":"page","link":"https:\/\/project.tnkoffee.com\/ecolesriad2\/mot-de-la-direction\/","title":{"rendered":"Mot de la direction"},"content":{"rendered":"\t\t<div data-elementor-type=\"wp-post\" data-elementor-id=\"1247\" class=\"elementor elementor-1247\">\n\t\t\t\t\t\t<section class=\"elementor-section elementor-top-section elementor-element elementor-element-c826102 elementor-section-boxed elementor-section-height-default elementor-section-height-default\" data-id=\"c826102\" data-element_type=\"section\">\n\t\t\t\t\t\t<div class=\"elementor-container elementor-column-gap-default\">\n\t\t\t\t\t<div class=\"elementor-column elementor-col-100 elementor-top-column elementor-element elementor-element-5da453b\" data-id=\"5da453b\" data-element_type=\"column\">\n\t\t\t<div class=\"elementor-widget-wrap elementor-element-populated\">\n\t\t\t\t\t\t<div class=\"elementor-element elementor-element-112ac81 elementor-widget elementor-widget-text-editor\" data-id=\"112ac81\" data-element_type=\"widget\" data-widget_type=\"text-editor.default\">\n\t\t\t\t<div class=\"elementor-widget-container\">\n\t\t\t\t\t\t\t\t\t<p>Choisir une \u00e9cole pour son enfant, c\u2019est bien plus qu\u2019un choix acad\u00e9mique : c\u2019est opter pour un environnement de confiance, d\u2019\u00e9coute et d\u2019accompagnement. Aujourd\u2019hui, l\u2019\u00e9ducation d\u00e9passe largement le cadre d\u2019un simple parcours scolaire ; elle constitue un v\u00e9ritable investissement pour l\u2019avenir et la construction de l\u2019individu.<\/p>\n<p>Aux \u00c9coles RIAD, forts de deux d\u00e9cennies d\u2019expertise au service de l\u2019\u00e9ducation, nous sommes pleinement conscients de cette responsabilit\u00e9. C\u2019est pourquoi nous mobilisons l\u2019ensemble de nos ressources humaines, p\u00e9dagogiques et organisationnelles pour relever ce d\u00e9fi avec exigence et constance. Notre engagement s\u2019inscrit dans une qu\u00eate permanente de qualit\u00e9 et d\u2019excellence, port\u00e9e collectivement par nos enseignants, nos \u00e9quipes administratives et l\u2019ensemble de nos encadrants p\u00e9dagogiques.<\/p>\n<p>Nous d\u00e9fendons une p\u00e9dagogie active o\u00f9 l\u2019\u00e9l\u00e8ve est pleinement acteur de son apprentissage. Par la manipulation, l\u2019exp\u00e9rimentation, l\u2019essai, l\u2019erreur constructive et l\u2019implication dans le service communautaire, nous favorisons le d\u00e9veloppement des comp\u00e9tences, de l\u2019esprit critique et de l\u2019autonomie. Chaque \u00e9l\u00e8ve \u00e9volue \u00e0 son propre rythme, dans un cadre \u00e0 la fois stimulant, bienveillant et rigoureux.<\/p>\n<p>Afin de garantir un accompagnement individualis\u00e9 et un suivi optimal, les \u00c9coles RIAD s\u2019appuient sur une organisation p\u00e9dagogique structur\u00e9e, inspir\u00e9e des meilleures pratiques de l\u2019enseignement sup\u00e9rieur. Celle-ci repose sur des \u00e9quipes p\u00e9dagogiques hautement qualifi\u00e9es et engag\u00e9es, un encadrement coordonn\u00e9 et un suivi r\u00e9gulier du travail des enseignants ainsi que de la progression acad\u00e9mique et personnelle des \u00e9l\u00e8ves.<\/p>\n<p>Conscients des enjeux li\u00e9s \u00e0 la ma\u00eetrise des langues, nous proposons un enseignement renforc\u00e9 de l\u2019anglais, permettant \u00e0 nos \u00e9l\u00e8ves, de la maternelle au baccalaur\u00e9at, d\u2019atteindre un niveau avanc\u00e9 et d\u2019int\u00e9grer directement des universit\u00e9s anglophones, sans n\u00e9cessit\u00e9 de pr\u00e9paration compl\u00e9mentaire.<\/p>\n<p>L\u2019ensemble de ces leviers p\u00e9dagogiques et organisationnels se traduit par des r\u00e9sultats remarquables et constants depuis la cr\u00e9ation des \u00c9coles RIAD, tant en mati\u00e8re de r\u00e9ussite scolaire que de mentions obtenues. \u00c0 ce jour, plus de 450 de nos laur\u00e9ats poursuivent leurs \u00e9tudes sup\u00e9rieures dans des facult\u00e9s de m\u00e9decine, de pharmacie, d\u2019ing\u00e9nierie, ainsi que dans des universit\u00e9s publiques et priv\u00e9es de renom, au Maroc et \u00e0 l\u2019international.<\/p>\n<p>Aux \u00c9coles RIAD, nous sommes fiers de former des \u00e9l\u00e8ves \u00e9panouis, responsables et ouverts sur le monde, pr\u00eats \u00e0 relever les d\u00e9fis de demain et \u00e0 s\u2019affirmer comme des leaders engag\u00e9s et des citoyens \u00e9clair\u00e9s.<strong>&nbsp;<\/strong><\/p>\n<p><em><strong>Directeur G\u00e9n\u00e9ral<\/strong><\/em><\/p>\n<p><b><i>Rached&nbsp;<\/i><\/b><em><strong>BERRADA<\/strong><\/em><\/p>\t\t\t\t\t\t\t\t<\/div>\n\t\t\t\t<\/div>\n\t\t\t\t\t<\/div>\n\t\t<\/div>\n\t\t\t\t\t<\/div>\n\t\t<\/section>\n\t\t\t\t<\/div>\n\t\t","protected":false},"excerpt":{"rendered":"<p>Choisir une \u00e9cole pour son enfant, c\u2019est bien plus qu\u2019un choix acad\u00e9mique : c\u2019est opter pour un environnement de confiance, d\u2019\u00e9coute et d\u2019accompagnement. Aujourd\u2019hui, l\u2019\u00e9ducation&nbsp;<a href=\"https:\/\/project.tnkoffee.com\/ecolesriad2\/mot-de-la-direction\/\">&hellip;<\/a><\/p>\n","protected":false},"author":1,"featured_media":0,"parent":0,"menu_order":0,"comment_status":"closed","ping_status":"closed","template":"template-fullwidth.php","meta":{"footnotes":""},"class_list":["post-1247","page","type-page","status-publish","hentry","odd"],"_links":{"self":[{"href":"https:\/\/project.tnkoffee.com\/ecolesriad2\/wp-json\/wp\/v2\/pages\/1247","targetHints":{"allow":["GET"]}}],"collection":[{"href":"https:\/\/project.tnkoffee.com\/ecolesriad2\/wp-json\/wp\/v2\/pages"}],"about":[{"href":"https:\/\/project.tnkoffee.com\/ecolesriad2\/wp-json\/wp\/v2\/types\/page"}],"author":[{"embeddable":true,"href":"https:\/\/project.tnkoffee.com\/ecolesriad2\/wp-json\/wp\/v2\/users\/1"}],"replies":[{"embeddable":true,"href":"https:\/\/project.tnkoffee.com\/ecolesriad2\/wp-json\/wp\/v2\/comments?post=1247"}],"version-history":[{"count":22,"href":"https:\/\/project.tnkoffee.com\/ecolesriad2\/wp-json\/wp\/v2\/pages\/1247\/revisions"}],"predecessor-version":[{"id":1431,"href":"https:\/\/project.tnkoffee.com\/ecolesriad2\/wp-json\/wp\/v2\/pages\/1247\/revisions\/1431"}],"wp:attachment":[{"href":"https:\/\/project.tnkoffee.com\/ecolesriad2\/wp-json\/wp\/v2\/media?parent=1247"}],"curies":[{"name":"wp","href":"https:\/\/api.w.org\/{rel}","templated":true}]}}